{"id":989170,"date":"2026-02-02T15:05:15","date_gmt":"2026-02-02T15:05:15","guid":{"rendered":"https:\/\/minibus.al\/?post_type=product&#038;p=989170"},"modified":"2026-02-02T15:05:15","modified_gmt":"2026-02-02T15:05:15","slug":"minibus-a-louer-avec-chauffeur-de-tirana-a-theth","status":"publish","type":"product","link":"https:\/\/minibus.al\/fr\/produkt\/minibus-me-qira-dhe-shofer-nga-tirana-ne-theth\/","title":{"rendered":"Location de minibus avec chauffeur de Tirana \u00e0 Theth"},"content":{"rendered":"<p>Nous proposons la location de minibus avec chauffeur de Tirana \u00e0 Theth, pour un voyage confortable et s\u00fbr au c\u0153ur des Alpes albanaises. Ce service est id\u00e9al pour les groupes, les entreprises et les familles et assure un trajet direct de porte \u00e0 porte, sans escale. Le minibus est confortable, bien entretenu et adapt\u00e9 aux routes de montagne, tandis que le chauffeur exp\u00e9riment\u00e9 garantit un voyage s\u00fbr et agr\u00e9able. Ce transfert est id\u00e9al pour ceux qui souhaitent admirer les magnifiques paysages de Theth sans se soucier des transports en commun.<\/p>","protected":false},"excerpt":{"rendered":"<p>Nous proposons la location de minibus avec chauffeur de Tirana \u00e0 Theth, offrant un moyen confortable et s\u00fbr de voyager au c\u0153ur des Alpes albanaises.<\/p>","protected":false},"featured_media":989171,"comment_status":"open","ping_status":"closed","template":"","meta":[],"product_brand":[],"product_cat":[140],"product_tag":[],"class_list":{"0":"post-989170","1":"product","2":"type-product","3":"status-publish","4":"has-post-thumbnail","6":"product_cat-transport","8":"first","9":"instock","10":"shipping-taxable","11":"product-type-external"},"_links":{"self":[{"href":"https:\/\/minibus.al\/fr\/wp-json\/wp\/v2\/product\/989170","targetHints":{"allow":["GET"]}}],"collection":[{"href":"https:\/\/minibus.al\/fr\/wp-json\/wp\/v2\/product"}],"about":[{"href":"https:\/\/minibus.al\/fr\/wp-json\/wp\/v2\/types\/product"}],"replies":[{"embeddable":true,"href":"https:\/\/minibus.al\/fr\/wp-json\/wp\/v2\/comments?post=989170"}],"wp:featuredmedia":[{"embeddable":true,"href":"https:\/\/minibus.al\/fr\/wp-json\/wp\/v2\/media\/989171"}],"wp:attachment":[{"href":"https:\/\/minibus.al\/fr\/wp-json\/wp\/v2\/media?parent=989170"}],"wp:term":[{"taxonomy":"product_brand","embeddable":true,"href":"https:\/\/minibus.al\/fr\/wp-json\/wp\/v2\/product_brand?post=989170"},{"taxonomy":"product_cat","embeddable":true,"href":"https:\/\/minibus.al\/fr\/wp-json\/wp\/v2\/product_cat?post=989170"},{"taxonomy":"product_tag","embeddable":true,"href":"https:\/\/minibus.al\/fr\/wp-json\/wp\/v2\/product_tag?post=989170"}],"curies":[{"name":"WordPress","href":"https:\/\/api.w.org\/{rel}","templated":true}]}}