{"id":988853,"date":"2025-10-15T15:41:19","date_gmt":"2025-10-15T15:41:19","guid":{"rendered":"https:\/\/minibus.al\/?page_id=988853"},"modified":"2025-10-15T15:45:19","modified_gmt":"2025-10-15T15:45:19","slug":"minibus-a-louer-a-laeroport-de-tirana","status":"publish","type":"page","link":"https:\/\/minibus.al\/fr\/minibus-me-qira-ne-aeroportin-e-tiranes\/","title":{"rendered":"Minibus \u00e0 louer \u00e0 l\u2019a\u00e9roport de Tirana"},"content":{"rendered":"<div data-elementor-type=\"wp-page\" data-elementor-id=\"988853\" class=\"elementor elementor-988853\">\n\t\t\t\t<div class=\"elementor-element elementor-element-17b14b0 e-flex e-con-boxed e-con e-parent\" data-id=\"17b14b0\" data-element_type=\"container\" data-e-type=\"container\" data-settings=\"{&quot;background_background&quot;:&quot;classic&quot;}\">\n\t\t\t\t\t<div class=\"e-con-inner\">\n\t\t<div class=\"elementor-element elementor-element-da00348 e-con-full e-flex e-con e-child\" data-id=\"da00348\" data-element_type=\"container\" data-e-type=\"container\">\n\t\t\t\t<div class=\"elementor-element elementor-element-e3791e5 elementor-widget elementor-widget-heading\" data-id=\"e3791e5\" data-element_type=\"widget\" data-e-type=\"widget\" data-widget_type=\"heading.default\">\n\t\t\t\t\t<h1 class=\"elementor-heading-title elementor-size-default\">Minibus \u00e0 louer \u00e0 l\u2019a\u00e9roport de Tirana<\/h1>\t\t\t\t<\/div>\n\t\t\t\t<div class=\"elementor-element elementor-element-98a450a elementor-widget elementor-widget-text-editor\" data-id=\"98a450a\" data-element_type=\"widget\" data-e-type=\"widget\" data-widget_type=\"text-editor.default\">\n\t\t\t\t\t\t\t\t\tR\u00e9servez un minibus \u00e0 louer \u00e0 l\u2019a\u00e9roport de Tirana pour des transferts priv\u00e9s, s\u00fbrs et confortables. Chauffeur professionnel et v\u00e9hicules modernes pour chaque trajet.\t\t\t\t\t\t\t\t<\/div>\n\t\t\t\t<\/div>\n\t\t\t\t\t<\/div>\n\t\t\t\t<\/div>\n\t\t<div class=\"elementor-element elementor-element-f243bfa e-flex e-con-boxed e-con e-parent\" data-id=\"f243bfa\" data-element_type=\"container\" data-e-type=\"container\" data-settings=\"{&quot;background_background&quot;:&quot;classic&quot;}\">\n\t\t\t\t\t<div class=\"e-con-inner\">\n\t\t<div class=\"elementor-element elementor-element-8ce9177 e-con-full e-flex e-con e-child\" data-id=\"8ce9177\" data-element_type=\"container\" data-e-type=\"container\">\n\t\t\t\t<div class=\"elementor-element elementor-element-2fa15ea elementor-widget elementor-widget-text-editor\" data-id=\"2fa15ea\" data-element_type=\"widget\" data-e-type=\"widget\" data-widget_type=\"text-editor.default\">\n\t\t\t\t\t\t\t\t\t<p>Arriver \u00e0 l\u2019a\u00e9roport de Tirana peut \u00eatre excitant, mais souvent aussi un d\u00e9fi, surtout lorsqu\u2019il faut organiser le transfert vers votre destination. Dans ces moments, un service professionnel de minibus \u00e0 louer devient une aide pr\u00e9cieuse. Il garantit non seulement confort et s\u00e9curit\u00e9, mais vous permet \u00e9galement de profiter de votre voyage sans stress et avec une flexibilit\u00e9 totale.<\/p><p>Le service de minibus \u00e0 louer propose des v\u00e9hicules neufs et bien entretenus, adapt\u00e9s \u00e0 diff\u00e9rents groupes de voyageurs. Que vous voyagiez seul, en famille ou avec un groupe d\u2019amis, nos minibus sont spacieux, confortables et \u00e9quip\u00e9s de tout le confort n\u00e9cessaire pour un voyage agr\u00e9able.<\/p><p>L\u2019un des plus grands avantages est le chauffeur professionnel. Form\u00e9s pour offrir un service s\u00fbr et amical, nos chauffeurs ne se contentent pas de conduire le v\u00e9hicule, mais veillent \u00e9galement \u00e0 votre exp\u00e9rience pendant le trajet. Ils connaissent les routes les plus rapides et les plus s\u00fbres, vous permettant de profiter du voyage sans souci.<\/p><p>La r\u00e9servation des minibus est aussi simple que le voyage lui-m\u00eame. En quelques clics, vous pouvez vous assurer qu\u2019\u00e0 votre arriv\u00e9e \u00e0 l\u2019a\u00e9roport, un v\u00e9hicule sera pr\u00eat \u00e0 vous conduire \u00e0 votre destination. Cela apporte non seulement du confort, mais aussi un gain de temps et d\u2019\u00e9nergie consid\u00e9rable.<\/p><p>Enfin, les minibus \u00e0 louer \u00e0 l\u2019a\u00e9roport de Tirana ne sont pas seulement un moyen de transport ; ils repr\u00e9sentent une exp\u00e9rience qui rend votre voyage plus facile, plus s\u00fbr et plus agr\u00e9able. Pour tout voyageur recherchant confort, flexibilit\u00e9 et professionnalisme, ce service est la solution id\u00e9ale.<\/p>\t\t\t\t\t\t\t\t<\/div>\n\t\t\t\t<div class=\"elementor-element elementor-element-cac8ca5 elementor-widget elementor-widget-heading\" data-id=\"cac8ca5\" data-element_type=\"widget\" data-e-type=\"widget\" data-widget_type=\"heading.default\">\n\t\t\t\t\t<h3 class=\"elementor-heading-title elementor-size-default\">Pourquoi choisir minibus.al ?<\/h3>\t\t\t\t<\/div>\n\t\t\t\t<div class=\"elementor-element elementor-element-44ade06 elementor-view-stacked elementor-position-inline-start elementor-mobile-position-inline-start elementor-shape-circle elementor-widget elementor-widget-icon-box\" data-id=\"44ade06\" data-element_type=\"widget\" data-e-type=\"widget\" data-widget_type=\"icon-box.default\">\n\t\t\t\t\t\t\t<div class=\"elementor-icon-box-wrapper\">\n\n\t\t\t\t\t\t<div class=\"elementor-icon-box-icon\">\n\t\t\t\t<span  class=\"elementor-icon\">\n\t\t\t\t<svg aria-hidden=\"true\" class=\"e-font-icon-svg e-fas-check\" viewbox=\"0 0 512 512\" xmlns=\"http:\/\/www.w3.org\/2000\/svg\"><path d=\"M173.898 439.404l-166.4-166.4c-9.997-9.997-9.997-26.206 0-36.204l36.203-36.204c9.997-9.998 26.207-9.998 36.204 0L192 312.69 432.095 72.596c9.997-9.997 26.207-9.997 36.204 0l36.203 36.204c9.997 9.997 9.997 26.206 0 36.204l-294.4 294.401c-9.998 9.997-26.207 9.997-36.204-.001z\"><\/path><\/svg>\t\t\t\t<\/span>\n\t\t\t<\/div>\n\t\t\t\n\t\t\t\t\t\t<div class=\"elementor-icon-box-content\">\n\n\t\t\t\t\t\t\t\t\t<h3 class=\"elementor-icon-box-title\">\n\t\t\t\t\t\t<span  >\n\t\t\t\t\t\t\tTarifs claires, sans frais cach\u00e9s ni prix \u00e9lev\u00e9s.\t\t\t\t\t\t<\/span>\n\t\t\t\t\t<\/h3>\n\t\t\t\t\n\t\t\t\t\n\t\t\t<\/div>\n\t\t\t\n\t\t<\/div>\n\t\t\t\t\t\t<\/div>\n\t\t\t\t<div class=\"elementor-element elementor-element-04fad91 elementor-view-stacked elementor-position-inline-start elementor-mobile-position-inline-start elementor-shape-circle elementor-widget elementor-widget-icon-box\" data-id=\"04fad91\" data-element_type=\"widget\" data-e-type=\"widget\" data-widget_type=\"icon-box.default\">\n\t\t\t\t\t\t\t<div class=\"elementor-icon-box-wrapper\">\n\n\t\t\t\t\t\t<div class=\"elementor-icon-box-icon\">\n\t\t\t\t<span  class=\"elementor-icon\">\n\t\t\t\t<svg aria-hidden=\"true\" class=\"e-font-icon-svg e-fas-check\" viewbox=\"0 0 512 512\" xmlns=\"http:\/\/www.w3.org\/2000\/svg\"><path d=\"M173.898 439.404l-166.4-166.4c-9.997-9.997-9.997-26.206 0-36.204l36.203-36.204c9.997-9.998 26.207-9.998 36.204 0L192 312.69 432.095 72.596c9.997-9.997 26.207-9.997 36.204 0l36.203 36.204c9.997 9.997 9.997 26.206 0 36.204l-294.4 294.401c-9.998 9.997-26.207 9.997-36.204-.001z\"><\/path><\/svg>\t\t\t\t<\/span>\n\t\t\t<\/div>\n\t\t\t\n\t\t\t\t\t\t<div class=\"elementor-icon-box-content\">\n\n\t\t\t\t\t\t\t\t\t<h3 class=\"elementor-icon-box-title\">\n\t\t\t\t\t\t<span  >\n\t\t\t\t\t\t\tChauffeurs professionnellement form\u00e9s, comp\u00e9tents et s\u00fbrs.\t\t\t\t\t\t<\/span>\n\t\t\t\t\t<\/h3>\n\t\t\t\t\n\t\t\t\t\n\t\t\t<\/div>\n\t\t\t\n\t\t<\/div>\n\t\t\t\t\t\t<\/div>\n\t\t\t\t<div class=\"elementor-element elementor-element-0ecc649 elementor-view-stacked elementor-position-inline-start elementor-mobile-position-inline-start elementor-shape-circle elementor-widget elementor-widget-icon-box\" data-id=\"0ecc649\" data-element_type=\"widget\" data-e-type=\"widget\" data-widget_type=\"icon-box.default\">\n\t\t\t\t\t\t\t<div class=\"elementor-icon-box-wrapper\">\n\n\t\t\t\t\t\t<div class=\"elementor-icon-box-icon\">\n\t\t\t\t<span  class=\"elementor-icon\">\n\t\t\t\t<svg aria-hidden=\"true\" class=\"e-font-icon-svg e-fas-check\" viewbox=\"0 0 512 512\" xmlns=\"http:\/\/www.w3.org\/2000\/svg\"><path d=\"M173.898 439.404l-166.4-166.4c-9.997-9.997-9.997-26.206 0-36.204l36.203-36.204c9.997-9.998 26.207-9.998 36.204 0L192 312.69 432.095 72.596c9.997-9.997 26.207-9.997 36.204 0l36.203 36.204c9.997 9.997 9.997 26.206 0 36.204l-294.4 294.401c-9.998 9.997-26.207 9.997-36.204-.001z\"><\/path><\/svg>\t\t\t\t<\/span>\n\t\t\t<\/div>\n\t\t\t\n\t\t\t\t\t\t<div class=\"elementor-icon-box-content\">\n\n\t\t\t\t\t\t\t\t\t<h3 class=\"elementor-icon-box-title\">\n\t\t\t\t\t\t<span  >\n\t\t\t\t\t\t\tR\u00e9servation en ligne simple et s\u00e9curis\u00e9e, disponible 24h\/24 et 7j\/7.\t\t\t\t\t\t<\/span>\n\t\t\t\t\t<\/h3>\n\t\t\t\t\n\t\t\t\t\n\t\t\t<\/div>\n\t\t\t\n\t\t<\/div>\n\t\t\t\t\t\t<\/div>\n\t\t\t\t<div class=\"elementor-element elementor-element-f499d9f elementor-widget elementor-widget-image\" data-id=\"f499d9f\" data-element_type=\"widget\" data-e-type=\"widget\" data-widget_type=\"image.default\">\n\t\t\t\t\t\t\t\t\t\t\t\t\t\t\t<img fetchpriority=\"high\" decoding=\"async\" width=\"600\" height=\"430\" src=\"https:\/\/minibus.al\/wp-content\/uploads\/2025\/10\/Minibus-me-qira-tirane.webp\" class=\"attachment-full size-full wp-image-988839\" alt=\"\" srcset=\"https:\/\/minibus.al\/wp-content\/uploads\/2025\/10\/Minibus-me-qira-tirane.webp 600w, https:\/\/minibus.al\/wp-content\/uploads\/2025\/10\/Minibus-me-qira-tirane-300x215.webp 300w\" sizes=\"(max-width: 600px) 100vw, 600px\" title=\"\">\t\t\t\t\t\t\t\t\t\t\t\t\t\t\t<\/div>\n\t\t\t\t<div class=\"elementor-element elementor-element-f8adba0 elementor-widget elementor-widget-text-editor\" data-id=\"f8adba0\" data-element_type=\"widget\" data-e-type=\"widget\" data-widget_type=\"text-editor.default\">\n\t\t\t\t\t\t\t\t\t<p>Le prix de la location des minibus priv\u00e9s d\u00e9pendra du nombre d\u2019heures et de jours de service, ainsi que de la distance parcourue par les minibus.<\/p>\t\t\t\t\t\t\t\t<\/div>\n\t\t\t\t<div class=\"elementor-element elementor-element-5b353ea elementor-widget elementor-widget-heading\" data-id=\"5b353ea\" data-element_type=\"widget\" data-e-type=\"widget\" data-widget_type=\"heading.default\">\n\t\t\t\t\t<h3 class=\"elementor-heading-title elementor-size-default\">Comment \u00e7a fonctionne ?<\/h3>\t\t\t\t<\/div>\n\t\t\t\t<div class=\"elementor-element elementor-element-5b114ff elementor-widget elementor-widget-text-editor\" data-id=\"5b114ff\" data-element_type=\"widget\" data-e-type=\"widget\" data-widget_type=\"text-editor.default\">\n\t\t\t\t\t\t\t\t\t<p>La r\u00e9servation est simple : choisissez la destination, la date et le type de minibus dont vous avez besoin. Notre chauffeur professionnel sera \u00e0 l\u2019endroit et \u00e0 l\u2019heure convenus, assurant un voyage confortable et sans stress.<\/p>\t\t\t\t\t\t\t\t<\/div>\n\t\t\t\t<\/div>\n\t\t<div class=\"elementor-element elementor-element-d6158fa e-con-full e-flex e-con e-child\" data-id=\"d6158fa\" data-element_type=\"container\" data-e-type=\"container\">\n\t\t<div class=\"elementor-element elementor-element-6fa629c e-flex e-con-boxed e-con e-child\" data-id=\"6fa629c\" data-element_type=\"container\" data-e-type=\"container\" data-settings=\"{&quot;background_background&quot;:&quot;classic&quot;}\">\n\t\t\t\t\t<div class=\"e-con-inner\">\n\t\t\t\t<div class=\"elementor-element elementor-element-fa0f848 elementor-widget__width-auto elementor-widget elementor-widget-heading\" data-id=\"fa0f848\" data-element_type=\"widget\" data-e-type=\"widget\" data-widget_type=\"heading.default\">\n\t\t\t\t\t<h3 class=\"elementor-heading-title elementor-size-default\">10 % de r\u00e9duction<\/h3>\t\t\t\t<\/div>\n\t\t\t\t<div class=\"elementor-element elementor-element-8196ec2 elementor-widget__width-auto elementor-widget elementor-widget-heading\" data-id=\"8196ec2\" data-element_type=\"widget\" data-e-type=\"widget\" data-widget_type=\"heading.default\">\n\t\t\t\t\t<div class=\"elementor-heading-title elementor-size-default\">Jusqu'\u00e0 10 % de r\u00e9duction sur chaque r\u00e9servation jusqu'au 31 mai 2026 !<\/div>\t\t\t\t<\/div>\n\t\t\t\t\t<\/div>\n\t\t\t\t<\/div>\n\t\t<div class=\"elementor-element elementor-element-b7f8ed9 e-con-full e-flex e-con e-child\" data-id=\"b7f8ed9\" data-element_type=\"container\" data-e-type=\"container\">\n\t\t\t\t<div class=\"elementor-element elementor-element-5e989ed elementor-widget__width-initial elementor-widget elementor-widget-image\" data-id=\"5e989ed\" data-element_type=\"widget\" data-e-type=\"widget\" data-widget_type=\"image.default\">\n\t\t\t\t\t\t\t\t\t\t\t\t\t\t\t\t<a href=\"#\">\n\t\t\t\t\t\t\t<img decoding=\"async\" width=\"630\" height=\"441\" src=\"https:\/\/minibus.al\/wp-content\/uploads\/2025\/10\/Transfer-416_2268_0182-landscape-630x441-1.jpg\" class=\"attachment-full size-full wp-image-988709\" alt=\"\" srcset=\"https:\/\/minibus.al\/wp-content\/uploads\/2025\/10\/Transfer-416_2268_0182-landscape-630x441-1.jpg 630w, https:\/\/minibus.al\/wp-content\/uploads\/2025\/10\/Transfer-416_2268_0182-landscape-630x441-1-600x420.jpg 600w, https:\/\/minibus.al\/wp-content\/uploads\/2025\/10\/Transfer-416_2268_0182-landscape-630x441-1-300x210.jpg 300w, https:\/\/minibus.al\/wp-content\/uploads\/2025\/10\/Transfer-416_2268_0182-landscape-630x441-1-420x294.jpg 420w, https:\/\/minibus.al\/wp-content\/uploads\/2025\/10\/Transfer-416_2268_0182-landscape-630x441-1-315x221.jpg 315w\" sizes=\"(max-width: 630px) 100vw, 630px\" title=\"\">\t\t\t\t\t\t\t\t<\/a>\n\t\t\t\t\t\t\t\t\t\t\t\t\t\t\t<\/div>\n\t\t\t\t<div class=\"elementor-element elementor-element-721ad33 elementor-widget__width-initial elementor-widget elementor-widget-heading\" data-id=\"721ad33\" data-element_type=\"widget\" data-e-type=\"widget\" data-widget_type=\"heading.default\">\n\t\t\t\t\t<h3 class=\"elementor-heading-title elementor-size-default\"><a href=\"#\">Transferts priv\u00e9s depuis l\u2019a\u00e9roport<\/a><\/h3>\t\t\t\t<\/div>\n\t\t\t\t<\/div>\n\t\t<div class=\"elementor-element elementor-element-c5237fd e-con-full e-flex e-con e-child\" data-id=\"c5237fd\" data-element_type=\"container\" data-e-type=\"container\">\n\t\t\t\t<div class=\"elementor-element elementor-element-7ff0b5e elementor-widget__width-initial elementor-widget elementor-widget-image\" data-id=\"7ff0b5e\" data-element_type=\"widget\" data-e-type=\"widget\" data-widget_type=\"image.default\">\n\t\t\t\t\t\t\t\t\t\t\t\t\t\t\t\t<a href=\"#\">\n\t\t\t\t\t\t\t<img decoding=\"async\" width=\"800\" height=\"560\" src=\"https:\/\/minibus.al\/wp-content\/uploads\/2024\/01\/Crop800x600-landscape.jpeg\" class=\"attachment-full size-full wp-image-988653\" alt=\"\" srcset=\"https:\/\/minibus.al\/wp-content\/uploads\/2024\/01\/Crop800x600-landscape.jpeg 800w, https:\/\/minibus.al\/wp-content\/uploads\/2024\/01\/Crop800x600-landscape-600x420.jpeg 600w, https:\/\/minibus.al\/wp-content\/uploads\/2024\/01\/Crop800x600-landscape-300x210.jpeg 300w, https:\/\/minibus.al\/wp-content\/uploads\/2024\/01\/Crop800x600-landscape-768x538.jpeg 768w, https:\/\/minibus.al\/wp-content\/uploads\/2024\/01\/Crop800x600-landscape-630x441.jpeg 630w, https:\/\/minibus.al\/wp-content\/uploads\/2024\/01\/Crop800x600-landscape-420x294.jpeg 420w, https:\/\/minibus.al\/wp-content\/uploads\/2024\/01\/Crop800x600-landscape-315x221.jpeg 315w\" sizes=\"(max-width: 800px) 100vw, 800px\" title=\"\">\t\t\t\t\t\t\t\t<\/a>\n\t\t\t\t\t\t\t\t\t\t\t\t\t\t\t<\/div>\n\t\t\t\t<div class=\"elementor-element elementor-element-94ea3ff elementor-widget__width-initial elementor-widget elementor-widget-heading\" data-id=\"94ea3ff\" data-element_type=\"widget\" data-e-type=\"widget\" data-widget_type=\"heading.default\">\n\t\t\t\t\t<h3 class=\"elementor-heading-title elementor-size-default\"><a href=\"#\">Transfert avec chauffeur priv\u00e9<\/a><\/h3>\t\t\t\t<\/div>\n\t\t\t\t<\/div>\n\t\t\t\t<\/div>\n\t\t\t\t\t<\/div>\n\t\t\t\t<\/div>\n\t\t\t\t<\/div>","protected":false},"excerpt":{"rendered":"<p>Minibus me Qira n\u00eb Aeroportin e Tiran\u00ebs Rezervoni minibus me qira n\u00eb Aeroportin e Tiran\u00ebs p\u00ebr transferime private, t\u00eb sigurta dhe t\u00eb rehatshme. Shofer profesional dhe automjete moderne p\u00ebr \u00e7do udh\u00ebtim. Arritja n\u00eb Aeroportin e Tiran\u00ebs mund t\u00eb jet\u00eb emocionuese, por shpeshher\u00eb edhe sfiduese, sidomos kur duhet t\u00eb organizoni transferimin drejt destinacionit tuaj. N\u00eb k\u00ebto [&hellip;]<\/p>\n","protected":false},"author":1,"featured_media":988839,"parent":0,"menu_order":0,"comment_status":"closed","ping_status":"closed","template":"","meta":{"footnotes":""},"class_list":["post-988853","page","type-page","status-publish","has-post-thumbnail","hentry"],"_links":{"self":[{"href":"https:\/\/minibus.al\/fr\/wp-json\/wp\/v2\/pages\/988853","targetHints":{"allow":["GET"]}}],"collection":[{"href":"https:\/\/minibus.al\/fr\/wp-json\/wp\/v2\/pages"}],"about":[{"href":"https:\/\/minibus.al\/fr\/wp-json\/wp\/v2\/types\/page"}],"author":[{"embeddable":true,"href":"https:\/\/minibus.al\/fr\/wp-json\/wp\/v2\/users\/1"}],"replies":[{"embeddable":true,"href":"https:\/\/minibus.al\/fr\/wp-json\/wp\/v2\/comments?post=988853"}],"version-history":[{"count":8,"href":"https:\/\/minibus.al\/fr\/wp-json\/wp\/v2\/pages\/988853\/revisions"}],"predecessor-version":[{"id":988861,"href":"https:\/\/minibus.al\/fr\/wp-json\/wp\/v2\/pages\/988853\/revisions\/988861"}],"wp:featuredmedia":[{"embeddable":true,"href":"https:\/\/minibus.al\/fr\/wp-json\/wp\/v2\/media\/988839"}],"wp:attachment":[{"href":"https:\/\/minibus.al\/fr\/wp-json\/wp\/v2\/media?parent=988853"}],"curies":[{"name":"WordPress","href":"https:\/\/api.w.org\/{rel}","templated":true}]}}