{"id":988794,"date":"2025-10-15T11:45:54","date_gmt":"2025-10-15T11:45:54","guid":{"rendered":"https:\/\/minibus.al\/?page_id=988794"},"modified":"2025-10-15T11:45:55","modified_gmt":"2025-10-15T11:45:55","slug":"minibus-a-louer-avec-chauffeur-a-tirana","status":"publish","type":"page","link":"https:\/\/minibus.al\/fr\/minibus-me-qira-me-shofer-ne-tirane\/","title":{"rendered":"Minibus \u00e0 louer avec chauffeur \u00e0 Tirana."},"content":{"rendered":"<div data-elementor-type=\"wp-page\" data-elementor-id=\"988794\" class=\"elementor elementor-988794\">\n\t\t\t\t<div class=\"elementor-element elementor-element-95c19ac e-flex e-con-boxed e-con e-parent\" data-id=\"95c19ac\" data-element_type=\"container\" data-e-type=\"container\" data-settings=\"{&quot;background_background&quot;:&quot;classic&quot;}\">\n\t\t\t\t\t<div class=\"e-con-inner\">\n\t\t<div class=\"elementor-element elementor-element-f318dce e-con-full e-flex e-con e-child\" data-id=\"f318dce\" data-element_type=\"container\" data-e-type=\"container\">\n\t\t\t\t<div class=\"elementor-element elementor-element-f98cf93 elementor-widget elementor-widget-heading\" data-id=\"f98cf93\" data-element_type=\"widget\" data-e-type=\"widget\" data-widget_type=\"heading.default\">\n\t\t\t\t\t<h1 class=\"elementor-heading-title elementor-size-default\">Minibus \u00e0 louer avec chauffeur \u00e0 Tirana.\n<\/h1>\t\t\t\t<\/div>\n\t\t\t\t<\/div>\n\t\t\t\t\t<\/div>\n\t\t\t\t<\/div>\n\t\t<div class=\"elementor-element elementor-element-758a64b e-flex e-con-boxed e-con e-parent\" data-id=\"758a64b\" data-element_type=\"container\" data-e-type=\"container\" data-settings=\"{&quot;background_background&quot;:&quot;classic&quot;}\">\n\t\t\t\t\t<div class=\"e-con-inner\">\n\t\t<div class=\"elementor-element elementor-element-e503248 e-con-full e-flex e-con e-child\" data-id=\"e503248\" data-element_type=\"container\" data-e-type=\"container\">\n\t\t\t\t<div class=\"elementor-element elementor-element-aeff267 elementor-widget elementor-widget-text-editor\" data-id=\"aeff267\" data-element_type=\"widget\" data-e-type=\"widget\" data-widget_type=\"text-editor.default\">\n\t\t\t\t\t\t\t\t\t<p>Lorsque vous planifiez un voyage, que ce soit pour le travail, les vacances ou des activit\u00e9s sociales, les minibus \u00e0 louer avec chauffeur \u00e0 Tirana offrent une solution confortable, s\u00fbre et flexible. Des transferts \u00e0 l\u2019a\u00e9roport aux visites culturelles et excursions en pleine nature, ces services sont adapt\u00e9s \u00e0 tous les besoins et groupes de voyageurs.<\/p>\t\t\t\t\t\t\t\t<\/div>\n\t\t\t\t<div class=\"elementor-element elementor-element-0d53794 elementor-widget elementor-widget-heading\" data-id=\"0d53794\" data-element_type=\"widget\" data-e-type=\"widget\" data-widget_type=\"heading.default\">\n\t\t\t\t\t<h3 class=\"elementor-heading-title elementor-size-default\">Minibus \u00e0 louer \u00e0 Tirana pour \u00e9v\u00e9nements.<\/h3>\t\t\t\t<\/div>\n\t\t\t\t<div class=\"elementor-element elementor-element-0463429 elementor-widget elementor-widget-text-editor\" data-id=\"0463429\" data-element_type=\"widget\" data-e-type=\"widget\" data-widget_type=\"text-editor.default\">\n\t\t\t\t\t\t\t\t\t<p>L\u2019organisation d\u2019un \u00e9v\u00e9nement, qu\u2019il s\u2019agisse d\u2019une r\u00e9union d\u2019affaires, d\u2019un mariage ou d\u2019une activit\u00e9 familiale, n\u00e9cessite souvent un transport coordonn\u00e9. Avec un minibus et un chauffeur professionnel, vous pouvez vous assurer que tous les invit\u00e9s arrivent \u00e0 destination \u00e0 l\u2019heure, sans stress et dans un confort optimal. Notre \u00e9quipe form\u00e9e veille \u00e0 ce que chaque d\u00e9tail du voyage soit planifi\u00e9 et s\u00e9curis\u00e9.<\/p>\t\t\t\t\t\t\t\t<\/div>\n\t\t\t\t<div class=\"elementor-element elementor-element-4ce8215 elementor-widget elementor-widget-heading\" data-id=\"4ce8215\" data-element_type=\"widget\" data-e-type=\"widget\" data-widget_type=\"heading.default\">\n\t\t\t\t\t<h3 class=\"elementor-heading-title elementor-size-default\">Minibus \u00e0 louer \u00e0 Tirana pour excursions et tourisme<\/h3>\t\t\t\t<\/div>\n\t\t\t\t<div class=\"elementor-element elementor-element-9d6ee10 elementor-widget elementor-widget-text-editor\" data-id=\"9d6ee10\" data-element_type=\"widget\" data-e-type=\"widget\" data-widget_type=\"text-editor.default\">\n\t\t\t\t\t\t\t\t\tPour les amateurs de nature et d\u2019histoire, les excursions d\u2019une journ\u00e9e \u00e0 travers l\u2019Albanie et les Balkans sont plus simples et plus agr\u00e9ables avec un minibus confortable. Vous pouvez visiter des villes historiques, des parcs naturels ou des destinations sp\u00e9cifiques sans vous soucier du trajet ou du stationnement. Nos minibus offrent confort, espace pour les bagages et climatisation, rendant chaque voyage une exp\u00e9rience agr\u00e9able.\t\t\t\t\t\t\t\t<\/div>\n\t\t\t\t<div class=\"elementor-element elementor-element-7620457 elementor-widget elementor-widget-heading\" data-id=\"7620457\" data-element_type=\"widget\" data-e-type=\"widget\" data-widget_type=\"heading.default\">\n\t\t\t\t\t<h3 class=\"elementor-heading-title elementor-size-default\">Minibus \u00e0 louer \u00e0 Tirana pour transferts priv\u00e9s \u00e0 l\u2019a\u00e9roport.<\/h3>\t\t\t\t<\/div>\n\t\t\t\t<div class=\"elementor-element elementor-element-86bb5c8 elementor-widget elementor-widget-text-editor\" data-id=\"86bb5c8\" data-element_type=\"widget\" data-e-type=\"widget\" data-widget_type=\"text-editor.default\">\n\t\t\t\t\t\t\t\t\tSi votre vol d\u00e9colle ou atterrit \u00e0 Tirana, les transferts priv\u00e9s depuis l\u2019a\u00e9roport sont le moyen le plus confortable et s\u00fbr pour commencer ou terminer votre voyage. Notre service avec chauffeur exp\u00e9riment\u00e9 garantit que vous arriviez \u00e0 destination \u00e0 l\u2019heure, confortablement et sans le stress des transports publics.\t\t\t\t\t\t\t\t<\/div>\n\t\t\t\t<div class=\"elementor-element elementor-element-58b5ae3 elementor-widget elementor-widget-heading\" data-id=\"58b5ae3\" data-element_type=\"widget\" data-e-type=\"widget\" data-widget_type=\"heading.default\">\n\t\t\t\t\t<h3 class=\"elementor-heading-title elementor-size-default\">Pourquoi choisir minibus.al ?<\/h3>\t\t\t\t<\/div>\n\t\t\t\t<div class=\"elementor-element elementor-element-6fcee1f elementor-widget elementor-widget-text-editor\" data-id=\"6fcee1f\" data-element_type=\"widget\" data-e-type=\"widget\" data-widget_type=\"text-editor.default\">\n\t\t\t\t\t\t\t\t\tNous comprenons que chaque voyage a des besoins diff\u00e9rents. C\u2019est pourquoi nous proposons diff\u00e9rents minibus pour petits et grands groupes, des itin\u00e9raires personnalis\u00e9s et des chauffeurs professionnellement form\u00e9s. La s\u00e9curit\u00e9, le confort et le professionnalisme sont nos principes de base, afin d\u2019assurer une exp\u00e9rience agr\u00e9able et tranquille pour chaque passager.\t\t\t\t\t\t\t\t<\/div>\n\t\t\t\t<div class=\"elementor-element elementor-element-720ca0b elementor-widget elementor-widget-image\" data-id=\"720ca0b\" data-element_type=\"widget\" data-e-type=\"widget\" data-widget_type=\"image.default\">\n\t\t\t\t\t\t\t\t\t\t\t\t\t\t\t<img fetchpriority=\"high\" decoding=\"async\" width=\"800\" height=\"560\" src=\"https:\/\/minibus.al\/wp-content\/uploads\/2024\/01\/01-landscape.jpg\" class=\"attachment-large size-large wp-image-988652\" alt=\"\" srcset=\"https:\/\/minibus.al\/wp-content\/uploads\/2024\/01\/01-landscape.jpg 893w, https:\/\/minibus.al\/wp-content\/uploads\/2024\/01\/01-landscape-600x420.jpg 600w, https:\/\/minibus.al\/wp-content\/uploads\/2024\/01\/01-landscape-300x210.jpg 300w, https:\/\/minibus.al\/wp-content\/uploads\/2024\/01\/01-landscape-768x538.jpg 768w, https:\/\/minibus.al\/wp-content\/uploads\/2024\/01\/01-landscape-630x441.jpg 630w, https:\/\/minibus.al\/wp-content\/uploads\/2024\/01\/01-landscape-420x294.jpg 420w, https:\/\/minibus.al\/wp-content\/uploads\/2024\/01\/01-landscape-840x588.jpg 840w, https:\/\/minibus.al\/wp-content\/uploads\/2024\/01\/01-landscape-315x220.jpg 315w\" sizes=\"(max-width: 800px) 100vw, 800px\" title=\"\">\t\t\t\t\t\t\t\t\t\t\t\t\t\t\t<\/div>\n\t\t\t\t<div class=\"elementor-element elementor-element-a1e27ad elementor-widget elementor-widget-heading\" data-id=\"a1e27ad\" data-element_type=\"widget\" data-e-type=\"widget\" data-widget_type=\"heading.default\">\n\t\t\t\t\t<h3 class=\"elementor-heading-title elementor-size-default\">Comment \u00e7a fonctionne ?<\/h3>\t\t\t\t<\/div>\n\t\t\t\t<div class=\"elementor-element elementor-element-83c2353 elementor-widget elementor-widget-text-editor\" data-id=\"83c2353\" data-element_type=\"widget\" data-e-type=\"widget\" data-widget_type=\"text-editor.default\">\n\t\t\t\t\t\t\t\t\t<p>La r\u00e9servation est simple : choisissez la destination, la date et le type de minibus dont vous avez besoin. Notre chauffeur professionnel sera \u00e0 l\u2019endroit et \u00e0 l\u2019heure convenus, garantissant un voyage confortable et sans stress. Contactez-nous d\u00e8s aujourd\u2019hui pour r\u00e9server votre minibus avec chauffeur \u00e0 Tirana et transformez chaque trajet \u2013 qu\u2019il s\u2019agisse d\u2019un \u00e9v\u00e9nement, d\u2019une excursion ou d\u2019un transfert \u00e0 l\u2019a\u00e9roport \u2013 en une exp\u00e9rience inoubliable.<\/p>\t\t\t\t\t\t\t\t<\/div>\n\t\t\t\t<\/div>\n\t\t<div class=\"elementor-element elementor-element-48e150d e-con-full e-flex e-con e-child\" data-id=\"48e150d\" data-element_type=\"container\" data-e-type=\"container\">\n\t\t<div class=\"elementor-element elementor-element-1a9e61a e-flex e-con-boxed e-con e-child\" data-id=\"1a9e61a\" data-element_type=\"container\" data-e-type=\"container\" data-settings=\"{&quot;background_background&quot;:&quot;classic&quot;}\">\n\t\t\t\t\t<div class=\"e-con-inner\">\n\t\t\t\t<div class=\"elementor-element elementor-element-7723e84 elementor-widget__width-auto elementor-widget elementor-widget-heading\" data-id=\"7723e84\" data-element_type=\"widget\" data-e-type=\"widget\" data-widget_type=\"heading.default\">\n\t\t\t\t\t<h3 class=\"elementor-heading-title elementor-size-default\">10 % de r\u00e9duction<\/h3>\t\t\t\t<\/div>\n\t\t\t\t<div class=\"elementor-element elementor-element-c5ce195 elementor-widget__width-auto elementor-widget elementor-widget-heading\" data-id=\"c5ce195\" data-element_type=\"widget\" data-e-type=\"widget\" data-widget_type=\"heading.default\">\n\t\t\t\t\t<div class=\"elementor-heading-title elementor-size-default\">Jusqu'\u00e0 10 % de r\u00e9duction sur chaque r\u00e9servation jusqu'au 31 mai 2026 !<\/div>\t\t\t\t<\/div>\n\t\t\t\t\t<\/div>\n\t\t\t\t<\/div>\n\t\t<div class=\"elementor-element elementor-element-89932a7 e-con-full e-flex e-con e-child\" data-id=\"89932a7\" data-element_type=\"container\" data-e-type=\"container\">\n\t\t\t\t<div class=\"elementor-element elementor-element-08519e8 elementor-widget__width-initial elementor-widget elementor-widget-image\" data-id=\"08519e8\" data-element_type=\"widget\" data-e-type=\"widget\" data-widget_type=\"image.default\">\n\t\t\t\t\t\t\t\t\t\t\t\t\t\t\t\t<a href=\"#\">\n\t\t\t\t\t\t\t<img decoding=\"async\" width=\"630\" height=\"441\" src=\"https:\/\/minibus.al\/wp-content\/uploads\/2025\/10\/Transfer-416_2268_0182-landscape-630x441-1.jpg\" class=\"attachment-full size-full wp-image-988709\" alt=\"\" srcset=\"https:\/\/minibus.al\/wp-content\/uploads\/2025\/10\/Transfer-416_2268_0182-landscape-630x441-1.jpg 630w, https:\/\/minibus.al\/wp-content\/uploads\/2025\/10\/Transfer-416_2268_0182-landscape-630x441-1-600x420.jpg 600w, https:\/\/minibus.al\/wp-content\/uploads\/2025\/10\/Transfer-416_2268_0182-landscape-630x441-1-300x210.jpg 300w, https:\/\/minibus.al\/wp-content\/uploads\/2025\/10\/Transfer-416_2268_0182-landscape-630x441-1-420x294.jpg 420w, https:\/\/minibus.al\/wp-content\/uploads\/2025\/10\/Transfer-416_2268_0182-landscape-630x441-1-315x221.jpg 315w\" sizes=\"(max-width: 630px) 100vw, 630px\" title=\"\">\t\t\t\t\t\t\t\t<\/a>\n\t\t\t\t\t\t\t\t\t\t\t\t\t\t\t<\/div>\n\t\t\t\t<div class=\"elementor-element elementor-element-123d892 elementor-widget__width-initial elementor-widget elementor-widget-heading\" data-id=\"123d892\" data-element_type=\"widget\" data-e-type=\"widget\" data-widget_type=\"heading.default\">\n\t\t\t\t\t<h3 class=\"elementor-heading-title elementor-size-default\"><a href=\"#\">Transferts priv\u00e9s depuis l\u2019a\u00e9roport<\/a><\/h3>\t\t\t\t<\/div>\n\t\t\t\t<\/div>\n\t\t<div class=\"elementor-element elementor-element-2655fa7 e-con-full e-flex e-con e-child\" data-id=\"2655fa7\" data-element_type=\"container\" data-e-type=\"container\">\n\t\t\t\t<div class=\"elementor-element elementor-element-88d6d37 elementor-widget__width-initial elementor-widget elementor-widget-image\" data-id=\"88d6d37\" data-element_type=\"widget\" data-e-type=\"widget\" data-widget_type=\"image.default\">\n\t\t\t\t\t\t\t\t\t\t\t\t\t\t\t\t<a href=\"#\">\n\t\t\t\t\t\t\t<img decoding=\"async\" width=\"800\" height=\"560\" src=\"https:\/\/minibus.al\/wp-content\/uploads\/2024\/01\/Crop800x600-landscape.jpeg\" class=\"attachment-full size-full wp-image-988653\" alt=\"\" srcset=\"https:\/\/minibus.al\/wp-content\/uploads\/2024\/01\/Crop800x600-landscape.jpeg 800w, https:\/\/minibus.al\/wp-content\/uploads\/2024\/01\/Crop800x600-landscape-600x420.jpeg 600w, https:\/\/minibus.al\/wp-content\/uploads\/2024\/01\/Crop800x600-landscape-300x210.jpeg 300w, https:\/\/minibus.al\/wp-content\/uploads\/2024\/01\/Crop800x600-landscape-768x538.jpeg 768w, https:\/\/minibus.al\/wp-content\/uploads\/2024\/01\/Crop800x600-landscape-630x441.jpeg 630w, https:\/\/minibus.al\/wp-content\/uploads\/2024\/01\/Crop800x600-landscape-420x294.jpeg 420w, https:\/\/minibus.al\/wp-content\/uploads\/2024\/01\/Crop800x600-landscape-315x221.jpeg 315w\" sizes=\"(max-width: 800px) 100vw, 800px\" title=\"\">\t\t\t\t\t\t\t\t<\/a>\n\t\t\t\t\t\t\t\t\t\t\t\t\t\t\t<\/div>\n\t\t\t\t<div class=\"elementor-element elementor-element-87f3665 elementor-widget__width-initial elementor-widget elementor-widget-heading\" data-id=\"87f3665\" data-element_type=\"widget\" data-e-type=\"widget\" data-widget_type=\"heading.default\">\n\t\t\t\t\t<h3 class=\"elementor-heading-title elementor-size-default\"><a href=\"#\">Transfert avec chauffeur priv\u00e9<\/a><\/h3>\t\t\t\t<\/div>\n\t\t\t\t<\/div>\n\t\t\t\t<\/div>\n\t\t\t\t\t<\/div>\n\t\t\t\t<\/div>\n\t\t\t\t<\/div>","protected":false},"excerpt":{"rendered":"<p>Minibus me qira me shofer n\u00eb Tiran\u00eb. Kur planifikoni nj\u00eb udh\u00ebtim, qoft\u00eb p\u00ebr pun\u00eb, pushime apo aktivitete sociale, minibus\u00ebt me qira me shofer n\u00eb Tiran\u00eb ofrojn\u00eb nj\u00eb zgjidhje t\u00eb rehatshme, t\u00eb sigurt dhe fleksib\u00ebl. Nga transfertat n\u00eb aeroport, tek turet kulturore dhe ekskursione n\u00eb natyr\u00eb, k\u00ebto sh\u00ebrbime jan\u00eb t\u00eb p\u00ebrshtatura p\u00ebr \u00e7do nevoj\u00eb dhe grup [&hellip;]<\/p>\n","protected":false},"author":1,"featured_media":0,"parent":0,"menu_order":0,"comment_status":"closed","ping_status":"closed","template":"","meta":{"footnotes":""},"class_list":["post-988794","page","type-page","status-publish","hentry"],"_links":{"self":[{"href":"https:\/\/minibus.al\/fr\/wp-json\/wp\/v2\/pages\/988794","targetHints":{"allow":["GET"]}}],"collection":[{"href":"https:\/\/minibus.al\/fr\/wp-json\/wp\/v2\/pages"}],"about":[{"href":"https:\/\/minibus.al\/fr\/wp-json\/wp\/v2\/types\/page"}],"author":[{"embeddable":true,"href":"https:\/\/minibus.al\/fr\/wp-json\/wp\/v2\/users\/1"}],"replies":[{"embeddable":true,"href":"https:\/\/minibus.al\/fr\/wp-json\/wp\/v2\/comments?post=988794"}],"version-history":[{"count":4,"href":"https:\/\/minibus.al\/fr\/wp-json\/wp\/v2\/pages\/988794\/revisions"}],"predecessor-version":[{"id":988799,"href":"https:\/\/minibus.al\/fr\/wp-json\/wp\/v2\/pages\/988794\/revisions\/988799"}],"wp:attachment":[{"href":"https:\/\/minibus.al\/fr\/wp-json\/wp\/v2\/media?parent=988794"}],"curies":[{"name":"WordPress","href":"https:\/\/api.w.org\/{rel}","templated":true}]}}