{"id":989113,"date":"2026-02-01T07:18:05","date_gmt":"2026-02-01T07:18:05","guid":{"rendered":"https:\/\/minibus.al\/?post_type=product&#038;p=989113"},"modified":"2026-02-05T12:56:24","modified_gmt":"2026-02-05T12:56:24","slug":"minibus-miete-fur-gruppen-von-tirana-nach-kolasin","status":"publish","type":"product","link":"https:\/\/minibus.al\/de\/produkt\/minibus-me-qira-per-grupe-nga-tirana-ne-kolasin\/","title":{"rendered":"Kleinbus mit Fahrer von Tirana nach Kola\u0161in"},"content":{"rendered":"<p>Der eint\u00e4gige Transfer von Tirana nach Kola\u0161in wird ausschlie\u00dflich f\u00fcr Gruppen angeboten und erfolgt mit einem Minibus inklusive Fahrer. Komfort und Sicherheit w\u00e4hrend der gesamten Fahrt sind garantiert. Die Abfahrt in Tirana erfolgt zu einer vereinbarten Zeit. Die Fahrzeuge sind komfortabel, gut gewartet und f\u00fcr l\u00e4ngere Fahrten geeignet. Die Route wird optimal geplant und beinhaltet die M\u00f6glichkeit kurzer Pausen, die sich nach den Bed\u00fcrfnissen der Gruppe richten.<\/p>\n<p>Nach der Ankunft in Kola\u0161in hat die Gruppe Zeit zur freien Verf\u00fcgung f\u00fcr Spazierg\u00e4nge, Mittagessen oder touristische Aktivit\u00e4ten. Die R\u00fcckreise nach Tirana erfolgt gem\u00e4\u00df dem vereinbarten Programm. Der Service ist flexibel und kann individuell an die Bed\u00fcrfnisse der Gruppe angepasst werden.<\/p>","protected":false},"excerpt":{"rendered":"<p>Der Transportservice f\u00fcr einen Tagesausflug von Tirana nach Kola\u0161in wird nur f\u00fcr Gruppen angeboten und erfolgt mit einem Minibus mit Fahrer, wodurch Komfort und Sicherheit w\u00e4hrend der gesamten Reise gew\u00e4hrleistet sind.<\/p>","protected":false},"featured_media":989114,"comment_status":"open","ping_status":"closed","template":"","meta":[],"product_brand":[],"product_cat":[140],"product_tag":[],"class_list":{"0":"post-989113","1":"product","2":"type-product","3":"status-publish","4":"has-post-thumbnail","6":"product_cat-transport","8":"first","9":"instock","10":"shipping-taxable","11":"product-type-external"},"_links":{"self":[{"href":"https:\/\/minibus.al\/de\/wp-json\/wp\/v2\/product\/989113","targetHints":{"allow":["GET"]}}],"collection":[{"href":"https:\/\/minibus.al\/de\/wp-json\/wp\/v2\/product"}],"about":[{"href":"https:\/\/minibus.al\/de\/wp-json\/wp\/v2\/types\/product"}],"replies":[{"embeddable":true,"href":"https:\/\/minibus.al\/de\/wp-json\/wp\/v2\/comments?post=989113"}],"wp:featuredmedia":[{"embeddable":true,"href":"https:\/\/minibus.al\/de\/wp-json\/wp\/v2\/media\/989114"}],"wp:attachment":[{"href":"https:\/\/minibus.al\/de\/wp-json\/wp\/v2\/media?parent=989113"}],"wp:term":[{"taxonomy":"product_brand","embeddable":true,"href":"https:\/\/minibus.al\/de\/wp-json\/wp\/v2\/product_brand?post=989113"},{"taxonomy":"product_cat","embeddable":true,"href":"https:\/\/minibus.al\/de\/wp-json\/wp\/v2\/product_cat?post=989113"},{"taxonomy":"product_tag","embeddable":true,"href":"https:\/\/minibus.al\/de\/wp-json\/wp\/v2\/product_tag?post=989113"}],"curies":[{"name":"wp","href":"https:\/\/api.w.org\/{rel}","templated":true}]}}